{"id":20236,"date":"2024-06-11T10:20:13","date_gmt":"2024-06-11T10:20:13","guid":{"rendered":"https:\/\/www.gtcourmayeur.com\/?page_id=20236"},"modified":"2026-05-01T21:31:30","modified_gmt":"2026-05-01T21:31:30","slug":"mont-blanc-trail-fest","status":"publish","type":"page","link":"https:\/\/www.gtcourmayeur.com\/fr\/mont-blanc-trail-fest\/","title":{"rendered":"Mont Blanc Trail Fest"},"content":{"rendered":"<div class=\"brz brz-root__container brz-reset-all brz-root__container-page\">\n<section id=\"cjenvyvemkvmnxynnyqkzjpuqsitkanlrxqb_cjenvyvemkvmnxynnyqkzjpuqsitkanlrxqb\" class=\"brz-section brz-css-d-section brz-css-ps2118\">\n<div class=\"brz-section__content brz-section--boxed brz-css-d-sectionitem-bg brz-css-1xwligh\" data-brz-custom-id=\"nszwpigwscuhdsqiktfvchdwbavtjbwlkayo\">\n<div class=\"brz-bg\">\n<div class=\"brz-bg-image\"><\/div>\n<div class=\"brz-bg-color\"><\/div>\n<\/div>\n<div class=\"brz-container brz-css-d-sectionitem-container brz-css-1gktf5m\">\n<div id=\"\" class=\"brz-css-d-wrapper brz-css-62j93k brz-wrapper\">\n<div class=\"brz-rich-text brz-rich-text__custom brz-css-d-richtext brz-css-zivybz\" data-brz-custom-id=\"qqhialnmfjzogaicmdoradnkohiavzgrqahw\">\n<div data-brz-translate-text=\"1\">\n<h1 class=\"brz-tp-lg-heading1 brz-text-lg-center brz-bcp-color7 brz-ff-roboto brz-ft-google brz-fs-lg-78 brz-fss-lg-px brz-fw-lg-900 brz-ls-lg-5 brz-lh-lg-1_2 brz-fss-xs-px brz-fw-xs-900 brz-ls-xs-5 brz-lh-xs-1_2 brz-tp-xs-empty brz-fs-xs-61 brz-css-wKYYD\" data-uniq-id=\"hfwwu\" data-generated-css=\"brz-css-lduax\"><span>MONT<\/span><\/h1>\n<h1 class=\"brz-tp-lg-heading1 brz-text-lg-center brz-bcp-color7 brz-ff-roboto brz-ft-google brz-fs-lg-78 brz-fss-lg-px brz-fw-lg-900 brz-ls-lg-5 brz-lh-lg-1_2 brz-fss-xs-px brz-fw-xs-900 brz-ls-xs-5 brz-lh-xs-1_2 brz-tp-xs-empty brz-fs-xs-61 brz-css-e4Mhz\" data-uniq-id=\"hfwwu\" data-generated-css=\"brz-css-lduax\"><span>BLANC<\/span><\/h1>\n<h1 class=\"brz-tp-lg-heading1 brz-text-lg-center brz-bcp-color7 brz-ff-roboto brz-ft-google brz-fs-lg-78 brz-fss-lg-px brz-fw-lg-900 brz-ls-lg-5 brz-lh-lg-1_2 brz-fss-xs-px brz-fw-xs-900 brz-ls-xs-5 brz-lh-xs-1_2 brz-tp-xs-empty brz-fs-xs-61 brz-css-zN7lr\" data-uniq-id=\"qjhoi\" data-generated-css=\"brz-css-surjs\"><span>TRAIL<\/span><\/h1>\n<h1 class=\"brz-tp-lg-heading1 brz-text-lg-center brz-bcp-color7 brz-ff-roboto brz-ft-google brz-fs-lg-78 brz-fss-lg-px brz-fw-lg-900 brz-ls-lg-5 brz-lh-lg-1_2 brz-fss-xs-px brz-fw-xs-900 brz-ls-xs-5 brz-lh-xs-1_2 brz-tp-xs-empty brz-fs-xs-61 brz-css-ci8PS\" data-uniq-id=\"dcbpu\" data-generated-css=\"brz-css-hujui\"><span>FEST<\/span><\/h1>\n<\/div>\n<\/div>\n<\/div>\n<\/div>\n<\/div>\n<\/section>\n<section id=\"tqdjettrupupdberufgtfeesaoglkcsoraia_tqdjettrupupdberufgtfeesaoglkcsoraia\" class=\"brz-section brz-css-d-section brz-css-11cyg8g\">\n<div class=\"brz-section__content brz-section--boxed brz-css-d-sectionitem-bg brz-css-fn81cp\" data-brz-custom-id=\"thnmvfwuoqbfxhwpoxfwgrqfukbbqvpbttig\">\n<div class=\"brz-container brz-css-d-sectionitem-container brz-css-1bw1ut4\">\n<div id=\"\" class=\"brz-css-d-wrapper brz-css-m6pxib brz-wrapper\">\n<div class=\"brz-rich-text brz-rich-text__custom brz-css-d-richtext brz-css-196rxt2\" data-brz-custom-id=\"seifagnqkiuqycxwkieuuownzwabnimfsdcj\">\n<div data-brz-translate-text=\"1\">\n<h4 class=\"brz-tp-lg-heading4 brz-text-lg-justify brz-css-bSnCr\" data-uniq-id=\"oxO8T\" data-generated-css=\"brz-css-vEVol\"><span style=\"background-color: transparent\">MONT BLANC TRAIL FEST 2026<\/span><\/h4>\n<h4 class=\"brz-tp-lg-heading4 brz-text-lg-justify brz-css-dhlLs\" data-uniq-id=\"ibVEc\" data-generated-css=\"brz-css-xyMFZ\"><span style=\"background-color: transparent\">Le c\u0153ur du Gran Trail Courmayeur<\/span><\/h4>\n<h4 class=\"brz-tp-lg-heading4 brz-text-lg-justify brz-css-xa15S\" data-uniq-id=\"rDC9x\" data-generated-css=\"brz-css-xjn19\"><span style=\"background-color: transparent\">10\u201312 juillet 2026 <\/span><\/h4>\n<p class=\"brz-tp-lg-subtitle brz-text-lg-justify brz-css-bPgd9\" data-uniq-id=\"gn8xV\" data-generated-css=\"brz-css-kBO1H\"><span style=\"background-color: transparent\"> <\/span><\/p>\n<p class=\"brz-tp-lg-subtitle brz-text-lg-justify brz-css-oQWUB\" data-uniq-id=\"vzwPl\" data-generated-css=\"brz-css-ptejg\"><span style=\"background-color: transparent\"> <\/span><\/p>\n<p class=\"brz-tp-lg-subtitle brz-text-lg-justify brz-css-v2D55\" data-uniq-id=\"rmljn\" data-generated-css=\"brz-css-bZLCJ\"><span style=\"background-color: transparent\"> <\/span><\/p>\n<p class=\"brz-text-lg-justify brz-tp-lg-paragraph brz-css-rZYYe\" data-uniq-id=\"iYjro\" data-generated-css=\"brz-css-bGv7N\"><span style=\"background-color: transparent\">Nous mettons \u00e0 jour cette section. Les informations sur l\u2019\u00e9v\u00e9nement seront bient\u00f4t en ligne.<\/span><\/p>\n<\/div>\n<\/div>\n<\/div>\n<div id=\"\" class=\"brz-css-d-wrapper brz-css-r-wrapper brz-css-10l4wpb brz-wrapper\">\n<div class=\"brz-spacer brz-css-d-spacer brz-css-33xkim\"><\/div>\n<\/div>\n<div id=\"\" class=\"brz-css-d-wrapper brz-css-r-wrapper brz-css-1jrzwc5 brz-wrapper\">\n<div class=\"brz-spacer brz-css-d-spacer brz-css-ra23u2\"><\/div>\n<\/div>\n<div id=\"\" class=\"brz-css-d-wrapper brz-css-r-wrapper brz-css-1sk0xmc brz-wrapper\">\n<div class=\"brz-spacer brz-css-d-spacer brz-css-kn77y\"><\/div>\n<\/div>\n<\/div>\n<\/div>\n<\/section><\/div>\n<p><!-- version:1763213342 --><\/p>\n","protected":false},"excerpt":{"rendered":"<p>MONT BLANC TRAIL FEST MONT BLANC TRAIL FEST 2026 Le c\u0153ur du Gran Trail Courmayeur 10\u201312 juillet 2026 Nous mettons \u00e0 jour cette section. Les informations sur l\u2019\u00e9v\u00e9nement seront bient\u00f4t en ligne.<\/p>\n","protected":false},"author":5,"featured_media":15221,"parent":0,"menu_order":0,"comment_status":"closed","ping_status":"closed","template":"brizy-blank-template.php","meta":{"neve_meta_sidebar":"","neve_meta_container":"","neve_meta_enable_content_width":"off","neve_meta_content_width":100,"neve_meta_title_alignment":"","neve_meta_author_avatar":"","neve_post_elements_order":"","neve_meta_disable_header":"","neve_meta_disable_footer":"","neve_meta_disable_title":"","footnotes":""},"categories":[],"tags":[],"class_list":["post-20236","page","type-page","status-publish","has-post-thumbnail","hentry"],"yoast_head":"<!-- This site is optimized with the Yoast SEO plugin v27.5 - https:\/\/yoast.com\/product\/yoast-seo-wordpress\/ -->\n<title>Mont Blanc Trail Fest - Gran Trail Courmayeur<\/title>\n<meta name=\"description\" content=\"A rich program of events open to everyone with conferences, educational sessions, activities for children and families, shopping, and music in the heart of Courmayeur.\" \/>\n<meta name=\"robots\" content=\"index, follow, max-snippet:-1, max-image-preview:large, max-video-preview:-1\" \/>\n<link rel=\"canonical\" href=\"https:\/\/www.gtcourmayeur.com\/fr\/mont-blanc-trail-fest\/\" \/>\n<meta property=\"og:locale\" content=\"fr_FR\" \/>\n<meta property=\"og:type\" content=\"article\" \/>\n<meta property=\"og:title\" content=\"Mont Blanc Trail Fest - Gran Trail Courmayeur\" \/>\n<meta property=\"og:description\" content=\"A rich program of events open to everyone with conferences, educational sessions, activities for children and families, shopping, and music in the heart of Courmayeur.\" \/>\n<meta property=\"og:url\" content=\"https:\/\/www.gtcourmayeur.com\/fr\/mont-blanc-trail-fest\/\" \/>\n<meta property=\"og:site_name\" content=\"Gran Trail Courmayeur\" \/>\n<meta property=\"article:modified_time\" content=\"2026-05-01T21:31:30+00:00\" \/>\n<meta property=\"og:image\" content=\"https:\/\/www.gtcourmayeur.com\/wp-content\/uploads\/2024\/06\/header-mont-blanc-trail-fest-2024-courmayeur.jpeg\" \/>\n\t<meta property=\"og:image:width\" content=\"1600\" \/>\n\t<meta property=\"og:image:height\" content=\"360\" \/>\n\t<meta property=\"og:image:type\" content=\"image\/jpeg\" \/>\n<meta name=\"twitter:card\" content=\"summary_large_image\" \/>\n<meta name=\"twitter:title\" content=\"GTC 2023 - Program\" \/>\n<meta name=\"twitter:image\" content=\"https:\/\/www.gtcourmayeur.com\/wp-content\/uploads\/2023\/04\/Gran-Trail-Courmayeur-\u00a9-VDA-Trailers-2.jpg\" \/>\n<meta name=\"twitter:label1\" content=\"Dur\u00e9e de lecture estim\u00e9e\" \/>\n\t<meta name=\"twitter:data1\" content=\"1 minute\" \/>\n<script type=\"application\/ld+json\" class=\"yoast-schema-graph\">{\"@context\":\"https:\\\/\\\/schema.org\",\"@graph\":[{\"@type\":\"WebPage\",\"@id\":\"https:\\\/\\\/www.gtcourmayeur.com\\\/fr\\\/mont-blanc-trail-fest\\\/\",\"url\":\"https:\\\/\\\/www.gtcourmayeur.com\\\/fr\\\/mont-blanc-trail-fest\\\/\",\"name\":\"Mont Blanc Trail Fest - Gran Trail Courmayeur\",\"isPartOf\":{\"@id\":\"https:\\\/\\\/www.gtcourmayeur.com\\\/fr\\\/#website\"},\"primaryImageOfPage\":{\"@id\":\"https:\\\/\\\/www.gtcourmayeur.com\\\/fr\\\/mont-blanc-trail-fest\\\/#primaryimage\"},\"image\":{\"@id\":\"https:\\\/\\\/www.gtcourmayeur.com\\\/fr\\\/mont-blanc-trail-fest\\\/#primaryimage\"},\"thumbnailUrl\":\"https:\\\/\\\/www.gtcourmayeur.com\\\/wp-content\\\/uploads\\\/2024\\\/06\\\/header-mont-blanc-trail-fest-2024-courmayeur.jpeg\",\"datePublished\":\"2024-06-11T10:20:13+00:00\",\"dateModified\":\"2026-05-01T21:31:30+00:00\",\"description\":\"A rich program of events open to everyone with conferences, educational sessions, activities for children and families, shopping, and music in the heart of Courmayeur.\",\"breadcrumb\":{\"@id\":\"https:\\\/\\\/www.gtcourmayeur.com\\\/fr\\\/mont-blanc-trail-fest\\\/#breadcrumb\"},\"inLanguage\":\"fr-FR\",\"potentialAction\":[{\"@type\":\"ReadAction\",\"target\":[\"https:\\\/\\\/www.gtcourmayeur.com\\\/fr\\\/mont-blanc-trail-fest\\\/\"]}]},{\"@type\":\"ImageObject\",\"inLanguage\":\"fr-FR\",\"@id\":\"https:\\\/\\\/www.gtcourmayeur.com\\\/fr\\\/mont-blanc-trail-fest\\\/#primaryimage\",\"url\":\"https:\\\/\\\/www.gtcourmayeur.com\\\/wp-content\\\/uploads\\\/2024\\\/06\\\/header-mont-blanc-trail-fest-2024-courmayeur.jpeg\",\"contentUrl\":\"https:\\\/\\\/www.gtcourmayeur.com\\\/wp-content\\\/uploads\\\/2024\\\/06\\\/header-mont-blanc-trail-fest-2024-courmayeur.jpeg\",\"width\":1600,\"height\":360},{\"@type\":\"BreadcrumbList\",\"@id\":\"https:\\\/\\\/www.gtcourmayeur.com\\\/fr\\\/mont-blanc-trail-fest\\\/#breadcrumb\",\"itemListElement\":[{\"@type\":\"ListItem\",\"position\":1,\"name\":\"Home\",\"item\":\"https:\\\/\\\/www.gtcourmayeur.com\\\/fr\\\/\"},{\"@type\":\"ListItem\",\"position\":2,\"name\":\"Mont Blanc Trail Fest\"}]},{\"@type\":\"WebSite\",\"@id\":\"https:\\\/\\\/www.gtcourmayeur.com\\\/fr\\\/#website\",\"url\":\"https:\\\/\\\/www.gtcourmayeur.com\\\/fr\\\/\",\"name\":\"Gran Trail Courmayeur\",\"description\":\"Mont-Blanc Trail Fest\",\"publisher\":{\"@id\":\"https:\\\/\\\/www.gtcourmayeur.com\\\/fr\\\/#organization\"},\"potentialAction\":[{\"@type\":\"SearchAction\",\"target\":{\"@type\":\"EntryPoint\",\"urlTemplate\":\"https:\\\/\\\/www.gtcourmayeur.com\\\/fr\\\/?s={search_term_string}\"},\"query-input\":{\"@type\":\"PropertyValueSpecification\",\"valueRequired\":true,\"valueName\":\"search_term_string\"}}],\"inLanguage\":\"fr-FR\"},{\"@type\":\"Organization\",\"@id\":\"https:\\\/\\\/www.gtcourmayeur.com\\\/fr\\\/#organization\",\"name\":\"Gran Trail Courmayeur\",\"url\":\"https:\\\/\\\/www.gtcourmayeur.com\\\/fr\\\/\",\"logo\":{\"@type\":\"ImageObject\",\"inLanguage\":\"fr-FR\",\"@id\":\"https:\\\/\\\/www.gtcourmayeur.com\\\/fr\\\/#\\\/schema\\\/logo\\\/image\\\/\",\"url\":\"https:\\\/\\\/www.gtcourmayeur.com\\\/wp-content\\\/uploads\\\/2021\\\/11\\\/GTC_logo_H_col_PANTONE_HD-e1637601257107.png\",\"contentUrl\":\"https:\\\/\\\/www.gtcourmayeur.com\\\/wp-content\\\/uploads\\\/2021\\\/11\\\/GTC_logo_H_col_PANTONE_HD-e1637601257107.png\",\"width\":3052,\"height\":648,\"caption\":\"Gran Trail Courmayeur\"},\"image\":{\"@id\":\"https:\\\/\\\/www.gtcourmayeur.com\\\/fr\\\/#\\\/schema\\\/logo\\\/image\\\/\"}}]}<\/script>\n<!-- \/ Yoast SEO plugin. -->","yoast_head_json":{"title":"Mont Blanc Trail Fest - Gran Trail Courmayeur","description":"A rich program of events open to everyone with conferences, educational sessions, activities for children and families, shopping, and music in the heart of Courmayeur.","robots":{"index":"index","follow":"follow","max-snippet":"max-snippet:-1","max-image-preview":"max-image-preview:large","max-video-preview":"max-video-preview:-1"},"canonical":"https:\/\/www.gtcourmayeur.com\/fr\/mont-blanc-trail-fest\/","og_locale":"fr_FR","og_type":"article","og_title":"Mont Blanc Trail Fest - Gran Trail Courmayeur","og_description":"A rich program of events open to everyone with conferences, educational sessions, activities for children and families, shopping, and music in the heart of Courmayeur.","og_url":"https:\/\/www.gtcourmayeur.com\/fr\/mont-blanc-trail-fest\/","og_site_name":"Gran Trail Courmayeur","article_modified_time":"2026-05-01T21:31:30+00:00","og_image":[{"width":1600,"height":360,"url":"https:\/\/www.gtcourmayeur.com\/wp-content\/uploads\/2024\/06\/header-mont-blanc-trail-fest-2024-courmayeur.jpeg","type":"image\/jpeg"}],"twitter_card":"summary_large_image","twitter_title":"GTC 2023 - Program","twitter_image":"https:\/\/www.gtcourmayeur.com\/wp-content\/uploads\/2023\/04\/Gran-Trail-Courmayeur-\u00a9-VDA-Trailers-2.jpg","twitter_misc":{"Dur\u00e9e de lecture estim\u00e9e":"1 minute"},"schema":{"@context":"https:\/\/schema.org","@graph":[{"@type":"WebPage","@id":"https:\/\/www.gtcourmayeur.com\/fr\/mont-blanc-trail-fest\/","url":"https:\/\/www.gtcourmayeur.com\/fr\/mont-blanc-trail-fest\/","name":"Mont Blanc Trail Fest - Gran Trail Courmayeur","isPartOf":{"@id":"https:\/\/www.gtcourmayeur.com\/fr\/#website"},"primaryImageOfPage":{"@id":"https:\/\/www.gtcourmayeur.com\/fr\/mont-blanc-trail-fest\/#primaryimage"},"image":{"@id":"https:\/\/www.gtcourmayeur.com\/fr\/mont-blanc-trail-fest\/#primaryimage"},"thumbnailUrl":"https:\/\/www.gtcourmayeur.com\/wp-content\/uploads\/2024\/06\/header-mont-blanc-trail-fest-2024-courmayeur.jpeg","datePublished":"2024-06-11T10:20:13+00:00","dateModified":"2026-05-01T21:31:30+00:00","description":"A rich program of events open to everyone with conferences, educational sessions, activities for children and families, shopping, and music in the heart of Courmayeur.","breadcrumb":{"@id":"https:\/\/www.gtcourmayeur.com\/fr\/mont-blanc-trail-fest\/#breadcrumb"},"inLanguage":"fr-FR","potentialAction":[{"@type":"ReadAction","target":["https:\/\/www.gtcourmayeur.com\/fr\/mont-blanc-trail-fest\/"]}]},{"@type":"ImageObject","inLanguage":"fr-FR","@id":"https:\/\/www.gtcourmayeur.com\/fr\/mont-blanc-trail-fest\/#primaryimage","url":"https:\/\/www.gtcourmayeur.com\/wp-content\/uploads\/2024\/06\/header-mont-blanc-trail-fest-2024-courmayeur.jpeg","contentUrl":"https:\/\/www.gtcourmayeur.com\/wp-content\/uploads\/2024\/06\/header-mont-blanc-trail-fest-2024-courmayeur.jpeg","width":1600,"height":360},{"@type":"BreadcrumbList","@id":"https:\/\/www.gtcourmayeur.com\/fr\/mont-blanc-trail-fest\/#breadcrumb","itemListElement":[{"@type":"ListItem","position":1,"name":"Home","item":"https:\/\/www.gtcourmayeur.com\/fr\/"},{"@type":"ListItem","position":2,"name":"Mont Blanc Trail Fest"}]},{"@type":"WebSite","@id":"https:\/\/www.gtcourmayeur.com\/fr\/#website","url":"https:\/\/www.gtcourmayeur.com\/fr\/","name":"Gran Trail Courmayeur","description":"Mont-Blanc Trail Fest","publisher":{"@id":"https:\/\/www.gtcourmayeur.com\/fr\/#organization"},"potentialAction":[{"@type":"SearchAction","target":{"@type":"EntryPoint","urlTemplate":"https:\/\/www.gtcourmayeur.com\/fr\/?s={search_term_string}"},"query-input":{"@type":"PropertyValueSpecification","valueRequired":true,"valueName":"search_term_string"}}],"inLanguage":"fr-FR"},{"@type":"Organization","@id":"https:\/\/www.gtcourmayeur.com\/fr\/#organization","name":"Gran Trail Courmayeur","url":"https:\/\/www.gtcourmayeur.com\/fr\/","logo":{"@type":"ImageObject","inLanguage":"fr-FR","@id":"https:\/\/www.gtcourmayeur.com\/fr\/#\/schema\/logo\/image\/","url":"https:\/\/www.gtcourmayeur.com\/wp-content\/uploads\/2021\/11\/GTC_logo_H_col_PANTONE_HD-e1637601257107.png","contentUrl":"https:\/\/www.gtcourmayeur.com\/wp-content\/uploads\/2021\/11\/GTC_logo_H_col_PANTONE_HD-e1637601257107.png","width":3052,"height":648,"caption":"Gran Trail Courmayeur"},"image":{"@id":"https:\/\/www.gtcourmayeur.com\/fr\/#\/schema\/logo\/image\/"}}]}},"brizy_media":[{"id":588,"url":"https:\/\/www.gtcourmayeur.com\/wp-content\/uploads\/2021\/10\/17-GTC17_105_gara-105_Courmayeur_Ph-Stefano-Jeante_LD4.jpg","name":"17-GTC17_105_gara-105_Courmayeur_Ph-Stefano-Jeante_LD4.jpg","meta":{"brizy_attachment_uid":"wp-7c5ed66c629d763d941db8148a883728.jpg","brizy_post_uid":["58978df4269813a71805027474ab08a3"]}},{"id":937,"url":"https:\/\/www.gtcourmayeur.com\/wp-content\/uploads\/2023\/04\/GTC_logo_H_col_PANTONE_HD-01-e1680365624930.png","name":"GTC_logo_H_col_PANTONE_HD-01.png","meta":{"brizy_attachment_uid":"wp-361fab55b3668e853693ad7d127b7832.png","brizy_post_uid":["05a5a607f1489f5c91ba1100dcb46908","58978df4269813a71805027474ab08a3"]}},{"id":1097,"url":"https:\/\/www.gtcourmayeur.com\/wp-content\/uploads\/2023\/04\/gtc30_logo_col_cmyk_hd_white-01_0.png","name":"gtc30_logo_col_cmyk_hd_white-01_0.png","meta":{"brizy_attachment_uid":"wp-f3c65ac0c22e33e7373d74c10c098cb1.png","brizy_post_uid":["05a5a607f1489f5c91ba1100dcb46908","58978df4269813a71805027474ab08a3"]}},{"id":1100,"url":"https:\/\/www.gtcourmayeur.com\/wp-content\/uploads\/2023\/04\/gtc55_logo_col_cmyk_hd_white-01.png","name":"gtc55_logo_col_cmyk_hd_white-01.png","meta":{"brizy_attachment_uid":"wp-3d8215519263c19b015a285d64963bb8.png","brizy_post_uid":["05a5a607f1489f5c91ba1100dcb46908","58978df4269813a71805027474ab08a3"]}},{"id":1103,"url":"https:\/\/www.gtcourmayeur.com\/wp-content\/uploads\/2023\/04\/gtc100_logo_col_cmyk_hd_white-01.png","name":"gtc100_logo_col_cmyk_hd_white-01.png","meta":{"brizy_attachment_uid":"wp-381e11667eb0835c26b9524d9a08bf54.png","brizy_post_uid":["05a5a607f1489f5c91ba1100dcb46908","58978df4269813a71805027474ab08a3"]}},{"id":1106,"url":"https:\/\/www.gtcourmayeur.com\/wp-content\/uploads\/2023\/04\/GTC30_logo_col_PANTONE_HD-e1680511887740.png","name":"GTC30_logo_col_PANTONE_HD.png","meta":{"brizy_attachment_uid":"wp-b9a43410566dee43e7883443d91733bb.png","brizy_post_uid":["05a5a607f1489f5c91ba1100dcb46908","58978df4269813a71805027474ab08a3"]}},{"id":1109,"url":"https:\/\/www.gtcourmayeur.com\/wp-content\/uploads\/2023\/04\/GTC55_logo_col_PANTONE_HD-e1680511866255.png","name":"GTC55_logo_col_PANTONE_HD.png","meta":{"brizy_attachment_uid":"wp-1247c4a1a36dfe135063b70c28d49a3b.png","brizy_post_uid":["05a5a607f1489f5c91ba1100dcb46908","58978df4269813a71805027474ab08a3"]}},{"id":2339,"url":"https:\/\/www.gtcourmayeur.com\/wp-content\/uploads\/2023\/04\/gtc100_altimetria_2022_hd_updated_a4.png","name":"gtc100_altimetria_2022_hd_updated_a4.png","meta":{"brizy_attachment_uid":"wp-940b84875b1f1be99d2ecd6bf5a95e10.png","brizy_post_uid":["58978df4269813a71805027474ab08a3"]}},{"id":2355,"url":"https:\/\/www.gtcourmayeur.com\/wp-content\/uploads\/2023\/04\/gtc30_altimetria_2022_hd.png","name":"gtc30_altimetria_2022_hd.png","meta":{"brizy_attachment_uid":"wp-024b9272543e06df64db509a5c7cdf21.png","brizy_post_uid":["58978df4269813a71805027474ab08a3","4111f770e1450536db1579352241bca6"]}},{"id":2358,"url":"https:\/\/www.gtcourmayeur.com\/wp-content\/uploads\/2023\/04\/gtc55_altimetria_2022_hd.png","name":"gtc55_altimetria_2022_hd.png","meta":{"brizy_attachment_uid":"wp-a6c1aca62bcc68e5d003f46efe35be08.png","brizy_post_uid":["58978df4269813a71805027474ab08a3"]}},{"id":3598,"url":"https:\/\/www.gtcourmayeur.com\/wp-content\/uploads\/2023\/04\/PAX_logo_CMYK_HD_100.png","name":"PAX_logo_CMYK_HD_100.png","meta":{"brizy_attachment_uid":"wp-68e27bae2cb02414f7c2745644ebd2a9.png","brizy_post_uid":["58978df4269813a71805027474ab08a3"]}},{"id":4078,"url":"https:\/\/www.gtcourmayeur.com\/wp-content\/uploads\/2023\/04\/Gran-Trail-Courmayeur-\u00a9-VDA-Trailers-1.jpg","name":"Gran-Trail-Courmayeur-\u00a9-VDA-Trailers-1.jpg","meta":{"brizy_attachment_uid":"wp-21cb4bb203900f37c9d7631b9ac6b973.jpg","brizy_post_uid":["58978df4269813a71805027474ab08a3"]}},{"id":4080,"url":"https:\/\/www.gtcourmayeur.com\/wp-content\/uploads\/2023\/04\/Gran-Trail-Courmayeur-\u00a9-VDA-Trailers-2.jpg","name":"Gran-Trail-Courmayeur-\u00a9-VDA-Trailers-2.jpg","meta":{"brizy_attachment_uid":"wp-e995300651c2b789b747fe8fffd9ae69.jpg","brizy_post_uid":["58978df4269813a71805027474ab08a3"]}},{"id":4085,"url":"https:\/\/www.gtcourmayeur.com\/wp-content\/uploads\/2023\/04\/Gran-Trail-Courmayeur-\u00a9-VDA-Trailers-5.jpg","name":"Gran-Trail-Courmayeur-\u00a9-VDA-Trailers-5.jpg","meta":{"brizy_attachment_uid":"wp-898934ce23e50238cbc422fc2eb68d3f.jpg","brizy_post_uid":["e682cb27510782d0fe2d0d74ad435025","58978df4269813a71805027474ab08a3"]}},{"id":4086,"url":"https:\/\/www.gtcourmayeur.com\/wp-content\/uploads\/2023\/04\/Gran-Trail-Courmayeur-\u00a9-VDA-Trailers-5.jpg","name":"Gran-Trail-Courmayeur-\u00a9-VDA-Trailers-5.jpg","meta":{"brizy_attachment_uid":"wp-c9f6e87ac4cdd32c1566d7d25aadcf73.jpg","brizy_post_uid":["58978df4269813a71805027474ab08a3","4111f770e1450536db1579352241bca6"]}},{"id":4090,"url":"https:\/\/www.gtcourmayeur.com\/wp-content\/uploads\/2023\/04\/Gran-Trail-Courmayeur-\u00a9-VDA-Trailers-7.jpg","name":"Gran-Trail-Courmayeur-\u00a9-VDA-Trailers-7.jpg","meta":{"brizy_attachment_uid":"wp-1ada7365af4e250dc0e1fadde05b7130.jpg","brizy_post_uid":["58978df4269813a71805027474ab08a3","f9d4271cb94b221f30b9ce412d06f6ed"]}},{"id":4094,"url":"https:\/\/www.gtcourmayeur.com\/wp-content\/uploads\/2023\/04\/Gran-Trail-Courmayeur-\u00a9-VDA-Trailers-9.jpg","name":"Gran-Trail-Courmayeur-\u00a9-VDA-Trailers-9.jpg","meta":{"brizy_attachment_uid":"wp-315f7603ad64a06374b8f9a62a8ec33a.jpg","brizy_post_uid":["58978df4269813a71805027474ab08a3"]}},{"id":8027,"url":"https:\/\/www.gtcourmayeur.com\/wp-content\/uploads\/2023\/05\/gtc100_altimetria_2023_hd_a4.png","name":"gtc100_altimetria_2023_hd_a4.png","meta":{"brizy_attachment_uid":"wp-452164161f71caff2e68aa0fec9e7d85.png","brizy_post_uid":["58978df4269813a71805027474ab08a3"]}},{"id":8098,"url":"https:\/\/www.gtcourmayeur.com\/wp-content\/uploads\/2023\/05\/GTC2022_Best-Of_PH-Roberto-Roux-44.jpg","name":"GTC2022_Best-Of_PH-Roberto-Roux-44.jpg","meta":{"brizy_attachment_uid":"wp-c7f80a12256e7b78849747a4e677d6fa.jpg","brizy_post_uid":["58978df4269813a71805027474ab08a3"]}},{"id":8111,"url":"https:\/\/www.gtcourmayeur.com\/wp-content\/uploads\/2023\/05\/GTC2022_Best-Of_PH-Roberto-Roux-30.jpg","name":"GTC2022_Best-Of_PH-Roberto-Roux-30.jpg","meta":{"brizy_attachment_uid":"wp-e627a06294c06675212efc639dbf5ae7.jpg","brizy_post_uid":["58978df4269813a71805027474ab08a3"]}},{"id":9533,"url":"https:\/\/www.gtcourmayeur.com\/wp-content\/uploads\/2023\/06\/GTC_2023_MAPPA_courmayeur_HD-scaled.jpg","name":"GTC_2023_MAPPA_courmayeur_HD.jpg","meta":{"brizy_attachment_uid":"wp-342cbb546688481ef91e950eb01a0956.jpg","brizy_post_uid":["58978df4269813a71805027474ab08a3"]}},{"id":9822,"url":"https:\/\/www.gtcourmayeur.com\/wp-content\/uploads\/2023\/07\/gtc100_altimetria_2023_hd_a4.png","name":"gtc100_altimetria_2023_hd_a4.png","meta":{"brizy_attachment_uid":"wp-2214d2b27761030e85703dab7b988fee.png","brizy_post_uid":["58978df4269813a71805027474ab08a3"]}},{"id":9866,"url":"https:\/\/www.gtcourmayeur.com\/wp-content\/uploads\/2023\/07\/gtc55_altimetria_2023_hd.png","name":"gtc55_altimetria_2023_hd.png","meta":{"brizy_attachment_uid":"wp-10cb00e143bdf5d0e9c203123c431b76.png","brizy_post_uid":["58978df4269813a71805027474ab08a3"]}},{"id":13762,"url":"https:\/\/www.gtcourmayeur.com\/wp-content\/uploads\/2024\/05\/facebook_1576952748669rifugio-maison-vieille_gran-trail-courmayeur.jpg","name":"facebook_1576952748669rifugio-maison-vieille_gran-trail-courmayeur.jpg","meta":{"brizy_attachment_uid":"wp-7d8bf52db4ae8af252df5003cd00fd71.jpg","brizy_post_uid":["58978df4269813a71805027474ab08a3"]}},{"id":13765,"url":"https:\/\/www.gtcourmayeur.com\/wp-content\/uploads\/2024\/05\/IMG_5723rifugio-maison-vieille_gran-trail-courmayeur.jpg","name":"IMG_5723rifugio-maison-vieille_gran-trail-courmayeur.jpg","meta":{"brizy_attachment_uid":"wp-854622855b3942edaced81c5309c6749.jpg","brizy_post_uid":["58978df4269813a71805027474ab08a3"]}},{"id":13768,"url":"https:\/\/www.gtcourmayeur.com\/wp-content\/uploads\/2024\/05\/IMG-20190824-WA0009rifugio-maison-vieille_gran-trail-courmayeur.jpg","name":"IMG-20190824-WA0009rifugio-maison-vieille_gran-trail-courmayeur.jpg","meta":{"brizy_attachment_uid":"wp-f8d59fdd6d9b294980d62b6515a2b943.jpg","brizy_post_uid":["58978df4269813a71805027474ab08a3"]}},{"id":13777,"url":"https:\/\/www.gtcourmayeur.com\/wp-content\/uploads\/2024\/05\/IMG-20190821-WA0009rifugio-maison-vieille_gran-trail-courmayeur.jpeg","name":"IMG-20190821-WA0009rifugio-maison-vieille_gran-trail-courmayeur.jpeg","meta":{"brizy_attachment_uid":"wp-baa61029d0ebcb319005e94e04d5585a.jpeg","brizy_post_uid":["58978df4269813a71805027474ab08a3"]}},{"id":13780,"url":"https:\/\/www.gtcourmayeur.com\/wp-content\/uploads\/2024\/05\/IMG_20190811_120547668rifugio-maison-vieille_gran-trail-courmayeur.jpg","name":"IMG_20190811_120547668rifugio-maison-vieille_gran-trail-courmayeur.jpg","meta":{"brizy_attachment_uid":"wp-3a5aff8fe82c6133a1c9b863b46e6ef0.jpg","brizy_post_uid":["58978df4269813a71805027474ab08a3"]}},{"id":13813,"url":"https:\/\/www.gtcourmayeur.com\/wp-content\/uploads\/2024\/05\/a0d5ebb6803aba335e8e4b72c7bc721ce40c52ff.jpeg","name":"a0d5ebb6803aba335e8e4b72c7bc721ce40c52ff.jpeg","meta":{"brizy_attachment_uid":"a0d5ebb6803aba335e8e4b72c7bc721ce40c52ff.jpeg","brizy_post_uid":["58978df4269813a71805027474ab08a3"]}},{"id":14837,"url":"https:\/\/www.gtcourmayeur.com\/wp-content\/uploads\/2024\/06\/grafica-mont-blanc-trail-fest.png","name":"grafica-mont-blanc-trail-fest.png","meta":{"brizy_attachment_uid":"wp-d3416d409d489f3bca69429b59328b79.png","brizy_post_uid":["58978df4269813a71805027474ab08a3"]}},{"id":15230,"url":"https:\/\/www.gtcourmayeur.com\/wp-content\/uploads\/2024\/06\/MBTF_header-mont-blanc-trail-fest-2024-hd-scaled.jpg","name":"MBTF_header-mont-blanc-trail-fest-2024-hd.jpg","meta":{"brizy_attachment_uid":"wp-2368a67a72e421fd5439c69931606a37.jpg","brizy_post_uid":["e7f6a714fca6e6ef455dd0d1491ba1e9","58978df4269813a71805027474ab08a3","05a5a607f1489f5c91ba1100dcb46908"]}},{"id":15711,"url":"https:\/\/www.gtcourmayeur.com\/wp-content\/uploads\/2024\/06\/header-mont-blanc-trail-fest-2024-courmayeur.jpg","name":"header-mont-blanc-trail-fest-2024-courmayeur.jpg","meta":{"brizy_attachment_uid":"wp-aa3e1f7ea515b95508fe1625d52e6ac3.jpg","brizy_post_uid":["58978df4269813a71805027474ab08a3"]}},{"id":19018,"url":"https:\/\/www.gtcourmayeur.com\/wp-content\/uploads\/2025\/05\/Village-MBTF-2025-7.jpg","name":"Village-MBTF-2025-7.jpg","meta":{"brizy_attachment_uid":"wp-178d9fe96109c4940a4951d755a00432.jpg","brizy_post_uid":["58978df4269813a71805027474ab08a3"]}},{"id":19202,"url":"https:\/\/www.gtcourmayeur.com\/wp-content\/uploads\/2025\/06\/GTC30-Elevation-graph-1.png","name":"GTC30-Elevation-graph-1.png","meta":{"brizy_attachment_uid":"wp-6f1af3c56c77a2558f6d9cf77725f314.png","brizy_post_uid":["58978df4269813a71805027474ab08a3"]}},{"id":19205,"url":"https:\/\/www.gtcourmayeur.com\/wp-content\/uploads\/2025\/06\/GTC55-Elevation-Graph-1.png","name":"GTC55-Elevation-Graph-1.png","meta":{"brizy_attachment_uid":"wp-6a0c781239244e420009528cbd34ed94.png","brizy_post_uid":["58978df4269813a71805027474ab08a3"]}},{"id":19208,"url":"https:\/\/www.gtcourmayeur.com\/wp-content\/uploads\/2025\/06\/GTC100-Elevation-Graph-1.png","name":"GTC100-Elevation-Graph-1.png","meta":{"brizy_attachment_uid":"wp-4deedd49bee50271962f80582814c1c1.png","brizy_post_uid":["58978df4269813a71805027474ab08a3"]}},{"id":20054,"url":"https:\/\/www.gtcourmayeur.com\/wp-content\/uploads\/2025\/10\/GTC100-Elevation-Graph.png","name":"GTC100-Elevation-Graph.png","meta":{"brizy_attachment_uid":"wp-e9d846ee1260854834acab8de282c3c3.png","brizy_post_uid":["58978df4269813a71805027474ab08a3","3a61dc6289f67a3f4672215c0a7bc8d6"]}},{"id":20148,"url":"https:\/\/www.gtcourmayeur.com\/wp-content\/uploads\/2025\/10\/GTC55-Elevation-Graph.png","name":"GTC55-Elevation-Graph.png","meta":{"brizy_attachment_uid":"wp-e7c22d317d14832e168968ca4613d61e.png","brizy_post_uid":["58978df4269813a71805027474ab08a3"]}},{"id":20188,"url":"https:\/\/www.gtcourmayeur.com\/wp-content\/uploads\/2025\/10\/GTC30-Elevation-graph.png","name":"GTC30-Elevation-graph.png","meta":{"brizy_attachment_uid":"wp-d4b2d85ad0136ecc4a5b45c2513cd5d4.png","brizy_post_uid":["58978df4269813a71805027474ab08a3"]}},{"id":20374,"url":"https:\/\/www.gtcourmayeur.com\/wp-content\/uploads\/2025\/11\/itra_blanc.png","name":"itra_blanc.png","meta":{"brizy_attachment_uid":"wp-c449497e5b6195a00ceef05c5a351d46.png","brizy_post_uid":["58978df4269813a71805027474ab08a3"]}}],"_links":{"self":[{"href":"https:\/\/www.gtcourmayeur.com\/fr\/wp-json\/wp\/v2\/pages\/20236","targetHints":{"allow":["GET"]}}],"collection":[{"href":"https:\/\/www.gtcourmayeur.com\/fr\/wp-json\/wp\/v2\/pages"}],"about":[{"href":"https:\/\/www.gtcourmayeur.com\/fr\/wp-json\/wp\/v2\/types\/page"}],"author":[{"embeddable":true,"href":"https:\/\/www.gtcourmayeur.com\/fr\/wp-json\/wp\/v2\/users\/5"}],"replies":[{"embeddable":true,"href":"https:\/\/www.gtcourmayeur.com\/fr\/wp-json\/wp\/v2\/comments?post=20236"}],"version-history":[{"count":0,"href":"https:\/\/www.gtcourmayeur.com\/fr\/wp-json\/wp\/v2\/pages\/20236\/revisions"}],"wp:featuredmedia":[{"embeddable":true,"href":"https:\/\/www.gtcourmayeur.com\/fr\/wp-json\/wp\/v2\/media\/15221"}],"wp:attachment":[{"href":"https:\/\/www.gtcourmayeur.com\/fr\/wp-json\/wp\/v2\/media?parent=20236"}],"wp:term":[{"taxonomy":"category","embeddable":true,"href":"https:\/\/www.gtcourmayeur.com\/fr\/wp-json\/wp\/v2\/categories?post=20236"},{"taxonomy":"post_tag","embeddable":true,"href":"https:\/\/www.gtcourmayeur.com\/fr\/wp-json\/wp\/v2\/tags?post=20236"}],"curies":[{"name":"wp","href":"https:\/\/api.w.org\/{rel}","templated":true}]}}